{"id":1903,"date":"2025-04-24T17:55:22","date_gmt":"2025-04-24T15:55:22","guid":{"rendered":"https:\/\/gk-korcula.hr\/nova\/?post_type=tribe_events&#038;p=1903"},"modified":"2025-04-24T17:55:22","modified_gmt":"2025-04-24T15:55:22","slug":"uz-pristanak-vjetra-impresije-o-otocnom-zivotu","status":"publish","type":"tribe_events","link":"https:\/\/gk-korcula.hr\/nova\/dogadaj\/uz-pristanak-vjetra-impresije-o-otocnom-zivotu\/","title":{"rendered":"&#8220;Uz pristanak vjetra &#8211; impresije o oto\u010dnom \u017eivotu&#8221;"},"content":{"rendered":"<div class=\"xdj266r x11i5rnm xat24cr x1mh8g0r x1vvkbs\">Tri oto\u010dna LAG-a: LAG Bra\u010d, LAG \u0160koji i LAG 5, provodila su projekt O-kupi otok od 2022. do 2024. godine s ciljem o\u010duvanja i promocije gastronomsko-kulturne ba\u0161tine i agrobioraznolikosti otoka edukacijom i razmjenom znanja te osna\u017eivanjem razvojnih resursa kroz organizaciju studijskih posjeta, festivala i sajma oto\u010dnih proizvoda.<\/div>\n<div class=\"x11i5rnm xat24cr x1mh8g0r x1vvkbs xtlvy1s\">Krajem pro\u0161le godine iz tiska je iza\u0161la dvojezi\u010dna publikacija \u201eUz pristanak vjetra \u2013 impresije o oto\u010dnom \u017eivotu\u201c, nastala u sklopu projekta suradnje oto\u010dnih LAG-ova O-kupi otok.<\/div>\n<div class=\"x11i5rnm xat24cr x1mh8g0r x1vvkbs xtlvy1s\">Publikacija &#8220;Uz pristanak vjetra&#8221; predstavlja zbirku kratkih pri\u010da i impresija o oto\u010dnom \u017eivotu i naslje\u0111u hrane kao dubokom izrazu lokalnog na\u010dina \u017eivota na engleskom i hrvatskom jeziku. To materijalno i nematerijalno naslije\u0111e obuhva\u0107a divlje i uzgojne vrste, sorte i pasmine, prenesena znanja i vje\u0161tine o proizvodnji, \u010duvanju i blagovanju hrane, obi\u010daje i jezik oto\u010dana, ali i graditeljsku ba\u0161tinu povezanu s tradicionalnim na\u010dinom \u017eivota.<\/div>\n<div class=\"x11i5rnm xat24cr x1mh8g0r x1vvkbs xtlvy1s\">Autor koncepta i teksta publikacije je magistar filozofije i pisac Ivo Kara-Pe\u0161i\u0107, dugogodi\u0161nji promotor gastronomskog i kulturnog naslje\u0111a hrane kroz udrugu Kinookus iz Dubrovnika, koji \u0107e 05. svibnja biti na\u0161 gost, u dru\u0161tvu ostalih LAG-ovaca u Gradskoj knji\u017enici Ivan Vidali u Kor\u010duli, i ovom prilikom predstaviti kako je nastala ova zanimljiva i jedinstvena publikacija.<\/div>\n<div class=\"x11i5rnm xat24cr x1mh8g0r x1vvkbs xtlvy1s\">\ud835\udc0b\ud835\udc00\ud835\udc06 \ud835\udfd3 \ud835\udc15\ud835\udc1a\ud835\udc2c \ud835\udc29\ud835\udc28\ud835\udc33\ud835\udc22\ud835\udc2f\ud835\udc1a \ud835\udc1d\ud835\udc1a \ud835\udc27\ud835\udc1a\ud835\udc26 \ud835\udc2c\ud835\udc1e \ud835\udc29\ud835\udc2b\ud835\udc22\ud835\udc1d\ud835\udc2b\ud835\udc2e\u017e\ud835\udc22\ud835\udc2d\ud835\udc1e \ud835\udc2e \ud835\udc29\ud835\udc28\ud835\udc27\ud835\udc1e\ud835\udc1d\ud835\udc23\ud835\udc1e\ud835\udc25\ud835\udc23\ud835\udc1a\ud835\udc24, \ud835\udfce\ud835\udfd3. \ud835\udc2c\ud835\udc2f\ud835\udc22\ud835\udc1b\ud835\udc27\ud835\udc23\ud835\udc1a \ud835\udfd0\ud835\udfce\ud835\udfd0\ud835\udfd3. \ud835\udc20\ud835\udc28\ud835\udc1d\ud835\udc22\ud835\udc27\ud835\udc1e \ud835\udc2e \ud835\udfcf\ud835\udfd7 \ud835\udc2c\ud835\udc1a\ud835\udc2d\ud835\udc22, \ud835\udc27\ud835\udc1a \ud835\udc27\ud835\udc1a\u0161\ud835\udc28\ud835\udc23 \ud835\udc28\ud835\udc26\ud835\udc22\ud835\udc25\ud835\udc23\ud835\udc1e\ud835\udc27\ud835\udc28\ud835\udc23 \ud835\udc25\ud835\udc28\ud835\udc24\ud835\udc1a\ud835\udc1c\ud835\udc22\ud835\udc23\ud835\udc22, \ud835\udc2e \ud835\udc06\ud835\udc2b\ud835\udc1a\ud835\udc1d\ud835\udc2c\ud835\udc24\ud835\udc28\ud835\udc23 \ud835\udc24\ud835\udc27\ud835\udc23\ud835\udc22\u017e\ud835\udc27\ud835\udc22\ud835\udc1c\ud835\udc22 \ud835\udc08\ud835\udc2f\ud835\udc1a\ud835\udc27 \ud835\udc15\ud835\udc22\ud835\udc1d\ud835\udc1a\ud835\udc25\ud835\udc22.<\/div>\n","protected":false},"excerpt":{"rendered":"<p>Tri oto\u010dna LAG-a: LAG Bra\u010d, LAG \u0160koji i LAG 5, provodila su projekt O-kupi otok od 2022. do 2024. godine s ciljem o\u010duvanja i promocije gastronomsko-kulturne ba\u0161tine i agrobioraznolikosti otoka [&hellip;]<\/p>\n","protected":false},"author":3,"featured_media":1904,"template":"","meta":{"_et_pb_use_builder":"","_et_pb_old_content":"","_et_gb_content_width":"","_tribe_events_status":"","_tribe_events_status_reason":"","footnotes":""},"tags":[],"tribe_events_cat":[],"class_list":["post-1903","tribe_events","type-tribe_events","status-publish","has-post-thumbnail","hentry"],"_links":{"self":[{"href":"https:\/\/gk-korcula.hr\/nova\/wp-json\/wp\/v2\/tribe_events\/1903","targetHints":{"allow":["GET"]}}],"collection":[{"href":"https:\/\/gk-korcula.hr\/nova\/wp-json\/wp\/v2\/tribe_events"}],"about":[{"href":"https:\/\/gk-korcula.hr\/nova\/wp-json\/wp\/v2\/types\/tribe_events"}],"author":[{"embeddable":true,"href":"https:\/\/gk-korcula.hr\/nova\/wp-json\/wp\/v2\/users\/3"}],"version-history":[{"count":2,"href":"https:\/\/gk-korcula.hr\/nova\/wp-json\/wp\/v2\/tribe_events\/1903\/revisions"}],"predecessor-version":[{"id":1906,"href":"https:\/\/gk-korcula.hr\/nova\/wp-json\/wp\/v2\/tribe_events\/1903\/revisions\/1906"}],"wp:featuredmedia":[{"embeddable":true,"href":"https:\/\/gk-korcula.hr\/nova\/wp-json\/wp\/v2\/media\/1904"}],"wp:attachment":[{"href":"https:\/\/gk-korcula.hr\/nova\/wp-json\/wp\/v2\/media?parent=1903"}],"wp:term":[{"taxonomy":"post_tag","embeddable":true,"href":"https:\/\/gk-korcula.hr\/nova\/wp-json\/wp\/v2\/tags?post=1903"},{"taxonomy":"tribe_events_cat","embeddable":true,"href":"https:\/\/gk-korcula.hr\/nova\/wp-json\/wp\/v2\/tribe_events_cat?post=1903"}],"curies":[{"name":"wp","href":"https:\/\/api.w.org\/{rel}","templated":true}]}}