{"id":2295,"date":"2025-10-07T09:45:15","date_gmt":"2025-10-07T07:45:15","guid":{"rendered":"https:\/\/gk-korcula.hr\/nova\/?post_type=tribe_events&#038;p=2295"},"modified":"2025-10-07T09:45:15","modified_gmt":"2025-10-07T07:45:15","slug":"snimi-izrezi-i-zalijepi-fotografski-kolazi-pansinijevi-dani-2025","status":"publish","type":"tribe_events","link":"https:\/\/gk-korcula.hr\/nova\/dogadaj\/snimi-izrezi-i-zalijepi-fotografski-kolazi-pansinijevi-dani-2025\/","title":{"rendered":"Snimi, izre\u017ei i zalijepi \u2013 Fotografski kola\u017ei [Pansinijevi dani 2025]"},"content":{"rendered":"<div class=\"xdj266r x14z9mp xat24cr x1lziwak x1vvkbs\">Besplatna radionica &#8220;Snimi, izre\u017ei i zalijepi \u2013 Fotografski kola\u017ei&#8221; pru\u017eit \u0107e srednjo\u0161kolcima priliku za dublje razumijevanje fotografije kao medija, od tradicionalnog prikaza stvarnosti do kreativne transformacije kroz kola\u017eiranje. Naglasak \u0107e biti na istra\u017eivanju kako kontekst i manipulacija utje\u010du na interpretaciju slike. Kroz radionicu \u0107e se obraditi tehni\u010dki aspekti fotografije, razumijevanje fotografije kao interpretacije stvarnosti te kreativno izra\u017eavanje putem kola\u017ea. Sudionici \u0107e eksperimentirati s razli\u010ditim tehnikama i otkrivati nove mogu\u0107nosti unutar fotografskog medija.<br class=\"html-br\" \/>Radionica je namijenjena mladim kreativcima koje zanima fotografija, ali i rad s rukama. Od klikanja do rezanja i lijepljenja, kroz prakti\u010dne aktivnosti sudionici \u0107e istra\u017eivati kako fotografiju koristiti kao medij za transformaciju stvarnosti i stvaranje novih zna\u010denja.<\/div>\n<div class=\"x14z9mp xat24cr x1lziwak x1vvkbs xtlvy1s\">Radionica \u0107e se odr\u017eati u pet termina \u2013 18. i 25. listopada te 1. i 8. studenog s po\u010detkom u 10 sati, u Centru za kulturu Kor\u010dula. Uz to, bit \u0107e organiziran i dodatni termin terenske nastave, koji \u0107e biti dogovoren sa sudionicima.<\/div>\n<div class=\"x14z9mp xat24cr x1lziwak x1vvkbs xtlvy1s\"><\/div>\n<div class=\"x14z9mp xat24cr x1lziwak x1vvkbs xtlvy1s\">Dea Botica magistrirala je fotografiju na Akademiji dramske umjetnosti u Zagrebu 2019. godine. Izlagala je na skupnim izlo\u017ebama u zemlji i inozemstvu te imala pet samostalnih<br class=\"html-br\" \/>izlo\u017ebi u Hrvatskoj. U svom umjetni\u010dkom radu fotografiju koristi kao medij za istra\u017eivanje tema poput svakodnevnog, identiteta, obitelji i tradicije. Sudjelovala je u nekoliko rezidencijalnih programa, npr. Island Connect.<br class=\"html-br\" \/>Press-cut:<br class=\"html-br\" \/><a class=\"x1i10hfl xjbqb8w x1ejq31n x18oe1m7 x1sy0etr xstzfhl x972fbf x10w94by x1qhh985 x14e42zd x9f619 x1ypdohk xt0psk2 x3ct3a4 xdj266r x14z9mp xat24cr x1lziwak xexx8yu xyri2b x18d9i69 x1c1uobl x16tdsg8 x1hl2dhg xggy1nq x1a2a7pz xkrqix3 x1sur9pj x1fey0fg x1s688f\" tabindex=\"0\" role=\"link\" href=\"https:\/\/vizkultura.hr\/tag\/dea-botica\/?fbclid=IwZXh0bgNhZW0CMTAAYnJpZBExVnVMUnU3SXl1RWpldDdUVgEecnQZpc8-KMDEqog0CmNALlm_BzyjXIcFE2qcYCAlxWsniW_3CYX-PXHvT2Y_aem_E3ACe-BogdvZEKquodj6yQ\" target=\"_blank\" rel=\"nofollow noopener noreferrer\">https:\/\/vizkultura.hr\/tag\/dea-botica\/<\/a><\/div>\n<div class=\"x14z9mp xat24cr x1lziwak x1vvkbs xtlvy1s\"><a class=\"x1i10hfl xjbqb8w x1ejq31n x18oe1m7 x1sy0etr xstzfhl x972fbf x10w94by x1qhh985 x14e42zd x9f619 x1ypdohk xt0psk2 x3ct3a4 xdj266r x14z9mp xat24cr x1lziwak xexx8yu xyri2b x18d9i69 x1c1uobl x16tdsg8 x1hl2dhg xggy1nq x1a2a7pz xkrqix3 x1sur9pj x1fey0fg x1s688f\" tabindex=\"0\" role=\"link\" href=\"https:\/\/gloriaglam.hr\/gg-talk\/dea-botica-fotografija-je-autonomni-isjecak-vremena-i-prostora?fbclid=IwZXh0bgNhZW0CMTAAYnJpZBExVnVMUnU3SXl1RWpldDdUVgEeCviVuUDtkzz90NroAoydIhCbW3Z6wlp9Lgt1-6jJJfnIdrJiTgkfDj8DHrw_aem_85BW79ss5Ma2bikY3HSiYQ\" target=\"_blank\" rel=\"nofollow noopener noreferrer\">https:\/\/gloriaglam.hr\/&#8230;\/dea-botica-fotografija-je&#8230;<\/a><br class=\"html-br\" \/>2579<\/div>\n<div class=\"x14z9mp xat24cr x1lziwak x1vvkbs xtlvy1s\">Radionica je dio programa poticanja razvoja publike \u201cKor\u010dula voli film\u201d podr\u017eane od strane Ministarstva kulture i medija Republike Hrvatske, a provodi se u suradnji sa Knji\u017enicom \u201cIvan Vidali\u201d i Centrom za kulturu Kor\u010dula.<br class=\"html-br\" \/>Nositelj projekta i tvorac koncepta je Udruga za interkulturalna i interdisciplinarna istra\u017eivanja (UIII). UIII je korisnica institucionalne potpore Zaklade \u201eKultura nova\u201c.<\/div>\n","protected":false},"excerpt":{"rendered":"<p>Besplatna radionica &#8220;Snimi, izre\u017ei i zalijepi \u2013 Fotografski kola\u017ei&#8221; pru\u017eit \u0107e srednjo\u0161kolcima priliku za dublje razumijevanje fotografije kao medija, od tradicionalnog prikaza stvarnosti do kreativne transformacije kroz kola\u017eiranje. Naglasak \u0107e [&hellip;]<\/p>\n","protected":false},"author":3,"featured_media":2296,"template":"","meta":{"_et_pb_use_builder":"","_et_pb_old_content":"","_et_gb_content_width":"","_tribe_events_status":"","_tribe_events_status_reason":"","footnotes":""},"tags":[],"tribe_events_cat":[],"class_list":["post-2295","tribe_events","type-tribe_events","status-publish","has-post-thumbnail","hentry"],"_links":{"self":[{"href":"https:\/\/gk-korcula.hr\/nova\/wp-json\/wp\/v2\/tribe_events\/2295","targetHints":{"allow":["GET"]}}],"collection":[{"href":"https:\/\/gk-korcula.hr\/nova\/wp-json\/wp\/v2\/tribe_events"}],"about":[{"href":"https:\/\/gk-korcula.hr\/nova\/wp-json\/wp\/v2\/types\/tribe_events"}],"author":[{"embeddable":true,"href":"https:\/\/gk-korcula.hr\/nova\/wp-json\/wp\/v2\/users\/3"}],"version-history":[{"count":1,"href":"https:\/\/gk-korcula.hr\/nova\/wp-json\/wp\/v2\/tribe_events\/2295\/revisions"}],"predecessor-version":[{"id":2297,"href":"https:\/\/gk-korcula.hr\/nova\/wp-json\/wp\/v2\/tribe_events\/2295\/revisions\/2297"}],"wp:featuredmedia":[{"embeddable":true,"href":"https:\/\/gk-korcula.hr\/nova\/wp-json\/wp\/v2\/media\/2296"}],"wp:attachment":[{"href":"https:\/\/gk-korcula.hr\/nova\/wp-json\/wp\/v2\/media?parent=2295"}],"wp:term":[{"taxonomy":"post_tag","embeddable":true,"href":"https:\/\/gk-korcula.hr\/nova\/wp-json\/wp\/v2\/tags?post=2295"},{"taxonomy":"tribe_events_cat","embeddable":true,"href":"https:\/\/gk-korcula.hr\/nova\/wp-json\/wp\/v2\/tribe_events_cat?post=2295"}],"curies":[{"name":"wp","href":"https:\/\/api.w.org\/{rel}","templated":true}]}}